{"id":3,"date":"2021-10-31T11:05:40","date_gmt":"2021-10-31T11:05:40","guid":{"rendered":"https:\/\/agrupalmeria.com\/?page_id=3"},"modified":"2025-04-22T09:23:12","modified_gmt":"2025-04-22T09:23:12","slug":"politica-de-privacidad","status":"publish","type":"page","link":"https:\/\/agrupalmeria.com\/en\/politica-de-privacidad\/","title":{"rendered":"Privacy policy"},"content":{"rendered":"<p><strong>POL\u00cdTICA DE PRIVACIDAD<\/strong><\/p>\n<p><strong>1. INFORMACI\u00d3N AL USUARIO<\/strong><\/p>\n<p>\u00bfQui\u00e9n es el responsable del tratamiento de tus datos personales?<\/p>\n<p>AGRUPACA\u00d1ADA DE ALMERIA, S.L es el RESPONSABLE del tratamiento de los datos personales del USUARIO y le informa de que estos datos ser\u00e1n tratados de conformidad con lo dispuesto en el Reglamento (UE) 2016\/679, de 27 de abril (GDPR), y la Ley Org\u00e1nica 3\/2018, de 5 de diciembre (LOPDGDD).<\/p>\n<p>\u00bfPara qu\u00e9 tratamos tus datos personales y por qu\u00e9 lo hacemos?<\/p>\n<p>Seg\u00fan el formulario donde hayamos obtenido sus datos personales, los trataremos de manera confidencial para alcanzar los siguientes fines:<\/p>\n<p>En el formulario \u00bfQuieres trabajar con nosotros?<\/p>\n<ul>\n<li>Hacer part\u00edcipe al interesado en los procesos de selecci\u00f3n de personal y analizar el perfil del solicitante con el objetivo de seleccionar un candidato para el puesto vacante del responsable. (por el consentimiento del interesado, 6.1.a GDPR)<\/li>\n<\/ul>\n<p>En el formulario Newsletter<\/p>\n<ul>\n<li>Remitir boletines informativos, novedades, ofertas y promociones online. (por el consentimiento del interesado, 6.1.a GDPR)<\/li>\n<\/ul>\n<p>En el formulario Contacto<\/p>\n<ul>\n<li>Dar respuesta a las consultas o cualquier tipo de petici\u00f3n que sea realizada por el usuario a trav\u00e9s de cualquiera de las formas de contacto que se ponen a su disposici\u00f3n en la p\u00e1gina web del responsable. (por el consentimiento del interesado, 6.1.a GDPR)<\/li>\n<\/ul>\n<p>En el formulario Canal \u00e9tico<\/p>\n<ul>\n<li>Gestionar adecuadamente el canal \u00e9tico, tramitando las correspondientes irregularidades notificadas a trav\u00e9s del mismo, y decidiendo sobre la procedencia de iniciar una investigaci\u00f3n, al objeto de detectar posibles delitos y prevenir la imposici\u00f3n de cualquier tipo de responsabilidad, as\u00ed como para evitar cualquier tipo de conducta contraria a la normativa interna o externa de la entidad. (para el cumplimiento de una misi\u00f3n realizada en inter\u00e9s p\u00fablico o en el ejercicio de poderes p\u00fablicos conferidos al responsable del tratamiento, 6.1.e GDPR)<\/li>\n<\/ul>\n<p>\u00bfDurante cu\u00e1nto tiempo guardaremos tus datos personales?<\/p>\n<ul>\n<li>Datos proporcionados en el formulario Newsletter: los datos se conservar\u00e1n hasta la revocaci\u00f3n del consentimiento del interesado o solicitud de baja de la suscripci\u00f3n.<\/li>\n<li>Datos proporcionados en el formulario Contacto: el plazo de conservacio\u0301n ma\u0301ximo sera\u0301 de un an\u0303o a partir de la resolucio\u0301n de su consulta o peticio\u0301n, salvo que sean aplicables otros plazos por la naturaleza de la comunicaci\u00f3n.<\/li>\n<li>Datos proporcionados en el formulario Trabaja con nosotros: los datos se conservara\u0301n durante un plazo ma\u0301ximo de un an\u0303o. Transcurrido el citado plazo, y si desea continuar participando en los procesos de seleccio\u0301n<br \/>\ndel Responsable, le rogamos nos remita nuevamente su curri\u0301culum.<\/li>\n<li>Datos proporcionados en el formulario Canal \u00e9tico: el plazo de conservaci\u00f3n ser\u00e1 de tres meses desde la recepci\u00f3n de la comunicaci\u00f3n sin que se hubiesen iniciado actuaciones de investigaci\u00f3n, salvo que la finalidad de su conservaci\u00f3n sea dejar evidencia del funcionamiento del sistema. En caso de que los hechos s\u00ed resulten probados o con indicios suficientes, los datos se conservar\u00e1n en tanto sea necesario para el ejercicio por parte de la entidad de sus derechos ante los tribunales de justicia, y en nig\u00fan caso por un periodo superior a diez a\u00f1os.<\/li>\n<\/ul>\n<p>\u00bfA qui\u00e9n facilitamos tus datos personales?<\/p>\n<p>No est\u00e1 prevista ninguna comunicaci\u00f3n de datos personales a terceros salvo, si fuese necesario para el desarrollo y ejecuci\u00f3n de las finalidades del tratamiento, a nuestros proveedores de servicios relacionados con comunicaciones (como alojamiento web y servidor de correo electr\u00f3nico), con los cuales el RESPONSABLE tiene suscritos los contratos de confidencialidad y de encargado de tratamiento exigidos por la normativa vigente de privacidad.<\/p>\n<p>\u00bfCu\u00e1les son tus derechos?<\/p>\n<p>Los derechos que asisten al USUARIO son:<\/p>\n<ul>\n<li>Derecho a retirar el consentimiento en cualquier momento.<\/li>\n<li>Derecho de acceso, rectificaci\u00f3n, portabilidad y supresi\u00f3n de sus datos, y de limitaci\u00f3n u oposici\u00f3n a su tratamiento.<\/li>\n<li>Derecho a presentar una reclamaci\u00f3n ante la autoridad de control (www.aepd.es) si considera que el tratamiento no se ajusta a la normativa vigente.<\/li>\n<\/ul>\n<p>Datos de contacto para ejercer sus derechos:<\/p>\n<p>AGRUPACA\u00d1ADA DE ALMERIA, S.L. CTRA. DE N\u00cdJAR \u2013 LA CA\u00d1ADA, KM 5,2, &#8211; 04120 LA CA\u00d1ADA (Almer\u00eda). E-mail: administracion@agrupalmeria.com<\/p>\n<p><strong>2. CAR\u00c1CTER OBLIGATORIO O FACULTATIVO DE LA INFORMACI\u00d3N FACILITADA POR EL USUARIO<\/strong><\/p>\n<p>Los USUARIOS, mediante la marcaci\u00f3n de las casillas correspondientes y la entrada de datos en los campos, marcados con un asterisco (*) en el formulario de contacto o presentados en formularios de descarga, aceptan expresamente y de forma libre e inequ\u00edvoca, que sus datos son necesarios para atender su petici\u00f3n, por parte del prestador, siendo voluntaria la inclusi\u00f3n de datos en los campos restantes. El USUARIO garantiza que los datos personales facilitados al RESPONSABLE son veraces y se hace responsable de comunicar cualquier modificaci\u00f3n de los mismos.<\/p>\n<p>El RESPONSABLE informa de que todos los datos solicitados a trav\u00e9s del sitio web son obligatorios, ya que son necesarios para la prestaci\u00f3n de un servicio \u00f3ptimo al USUARIO. En caso de que no se faciliten todos los datos, no se garantiza que la informaci\u00f3n y servicios facilitados sean completamente ajustados a sus necesidades.<\/p>\n<p><strong>3. MEDIDAS DE SEGURIDAD<\/strong><\/p>\n<p>Que de conformidad con lo dispuesto en las normativas vigentes en protecci\u00f3n de datos personales, el RESPONSABLE est\u00e1 cumpliendo con todas las disposiciones de las normativas GDPR y LOPDGDD para el tratamiento de los datos personales de su responsabilidad, y manifiestamente con los principios descritos en el art\u00edculo 5 del GDPR, por los cuales son tratados de manera l\u00edcita, leal y transparente en relaci\u00f3n con el interesado y adecuados, pertinentes y limitados a lo necesario en relaci\u00f3n con los fines para los que son tratados.<\/p>\n<p>El RESPONSABLE garantiza que ha implementado pol\u00edticas t\u00e9cnicas y organizativas apropiadas para aplicar las medidas de seguridad que establecen el GDPR y la LOPDGDD con el fin de proteger los derechos y libertades de los USUARIOS y les ha comunicado la informaci\u00f3n adecuada para que puedan ejercerlos.<\/p>\n<p>Para m\u00e1s informaci\u00f3n sobre las garant\u00edas de privacidad, puedes dirigirte al RESPONSABLE a trav\u00e9s de AGRUPACA\u00d1ADA DE ALMERIA, S.L. CTRA. DE N\u00cdJAR \u2013 LA CA\u00d1ADA, KM 5,2, &#8211; 04120 LA CA\u00d1ADA (Almer\u00eda). E-mail: administracion@agrupalmeria.com<\/p>","protected":false},"excerpt":{"rendered":"<p>POL\u00cdTICA DE PRIVACIDAD 1. INFORMACI\u00d3N AL USUARIO \u00bfQui\u00e9n es el responsable del tratamiento de tus datos personales? AGRUPACA\u00d1ADA DE ALMERIA, S.L es el RESPONSABLE del tratamiento de los datos personales del USUARIO y le informa de que estos datos ser\u00e1n tratados de conformidad con lo dispuesto en el Reglamento (UE) 2016\/679, de 27 de abril &hellip; <\/p>\n<p class=\"more-link-wrap\"><a href=\"https:\/\/agrupalmeria.com\/en\/politica-de-privacidad\/\" class=\"more-link\">Read More<span class=\"screen-reader-text\"> \u00abPol\u00edtica de Privacidad\u00bb<\/span><\/a><\/p>","protected":false},"author":1,"featured_media":0,"parent":0,"menu_order":0,"comment_status":"closed","ping_status":"open","template":"","meta":{"inline_featured_image":false,"wprm-recipe-roundup-name":"","wprm-recipe-roundup-description":"","footnotes":""},"class_list":["post-3","page","type-page","status-publish","hentry"],"yoast_head":"<!-- This site is optimized with the Yoast SEO Premium plugin v18.9 (Yoast SEO v27.4) - https:\/\/yoast.com\/product\/yoast-seo-premium-wordpress\/ -->\n<title>Pol\u00edtica de Privacidad - Agrupalmer\u00eda<\/title>\n<meta name=\"robots\" content=\"index, follow, max-snippet:-1, max-image-preview:large, max-video-preview:-1\" \/>\n<link rel=\"canonical\" href=\"https:\/\/agrupalmeria.com\/en\/politica-de-privacidad\/\" \/>\n<meta property=\"og:locale\" content=\"en_GB\" \/>\n<meta property=\"og:type\" content=\"article\" \/>\n<meta property=\"og:title\" content=\"Pol\u00edtica de Privacidad\" \/>\n<meta property=\"og:description\" content=\"POL\u00cdTICA DE PRIVACIDAD 1. INFORMACI\u00d3N AL USUARIO \u00bfQui\u00e9n es el responsable del tratamiento de tus datos personales? AGRUPACA\u00d1ADA DE ALMERIA, S.L es el RESPONSABLE del tratamiento de los datos personales del USUARIO y le informa de que estos datos ser\u00e1n tratados de conformidad con lo dispuesto en el Reglamento (UE) 2016\/679, de 27 de abril &hellip; Read More &quot;Pol\u00edtica de Privacidad&quot;\" \/>\n<meta property=\"og:url\" content=\"https:\/\/agrupalmeria.com\/en\/politica-de-privacidad\/\" \/>\n<meta property=\"og:site_name\" content=\"Agrupalmer\u00eda\" \/>\n<meta property=\"article:modified_time\" content=\"2025-04-22T09:23:12+00:00\" \/>\n<meta property=\"og:image\" content=\"https:\/\/agrupalmeria.com\/wp-content\/uploads\/2021\/11\/cropped-logotipo-agrupalmeria-color.png\" \/>\n\t<meta property=\"og:image:width\" content=\"5924\" \/>\n\t<meta property=\"og:image:height\" content=\"1184\" \/>\n\t<meta property=\"og:image:type\" content=\"image\/png\" \/>\n<meta name=\"twitter:card\" content=\"summary_large_image\" \/>\n<meta name=\"twitter:label1\" content=\"Estimated reading time\" \/>\n\t<meta name=\"twitter:data1\" content=\"5 minutes\" \/>\n<script type=\"application\/ld+json\" class=\"yoast-schema-graph\">{\"@context\":\"https:\\\/\\\/schema.org\",\"@graph\":[{\"@type\":\"WebPage\",\"@id\":\"https:\\\/\\\/agrupalmeria.com\\\/politica-de-privacidad\\\/\",\"url\":\"https:\\\/\\\/agrupalmeria.com\\\/politica-de-privacidad\\\/\",\"name\":\"Pol\u00edtica de Privacidad - Agrupalmer\u00eda\",\"isPartOf\":{\"@id\":\"https:\\\/\\\/agrupalmeria.com\\\/#website\"},\"datePublished\":\"2021-10-31T11:05:40+00:00\",\"dateModified\":\"2025-04-22T09:23:12+00:00\",\"breadcrumb\":{\"@id\":\"https:\\\/\\\/agrupalmeria.com\\\/politica-de-privacidad\\\/#breadcrumb\"},\"inLanguage\":\"en-GB\",\"potentialAction\":[{\"@type\":\"ReadAction\",\"target\":[\"https:\\\/\\\/agrupalmeria.com\\\/politica-de-privacidad\\\/\"]}]},{\"@type\":\"BreadcrumbList\",\"@id\":\"https:\\\/\\\/agrupalmeria.com\\\/politica-de-privacidad\\\/#breadcrumb\",\"itemListElement\":[{\"@type\":\"ListItem\",\"position\":1,\"name\":\"Portada\",\"item\":\"https:\\\/\\\/agrupalmeria.com\\\/\"},{\"@type\":\"ListItem\",\"position\":2,\"name\":\"Pol\u00edtica de Privacidad\"}]},{\"@type\":\"WebSite\",\"@id\":\"https:\\\/\\\/agrupalmeria.com\\\/#website\",\"url\":\"https:\\\/\\\/agrupalmeria.com\\\/\",\"name\":\"Agrupalmer\u00eda - El mejor tomate de Almer\u00eda\",\"description\":\"Subasta hortofrut\u00edcola con todas las variedades de tomate y el mejor tomate raf de Almer\u00eda\",\"publisher\":{\"@id\":\"https:\\\/\\\/agrupalmeria.com\\\/#organization\"},\"alternateName\":\"Agrupalmer\u00eda\",\"potentialAction\":[{\"@type\":\"SearchAction\",\"target\":{\"@type\":\"EntryPoint\",\"urlTemplate\":\"https:\\\/\\\/agrupalmeria.com\\\/?s={search_term_string}\"},\"query-input\":{\"@type\":\"PropertyValueSpecification\",\"valueRequired\":true,\"valueName\":\"search_term_string\"}}],\"inLanguage\":\"en-GB\"},{\"@type\":\"Organization\",\"@id\":\"https:\\\/\\\/agrupalmeria.com\\\/#organization\",\"name\":\"Agrupalmer\u00eda\",\"url\":\"https:\\\/\\\/agrupalmeria.com\\\/\",\"logo\":{\"@type\":\"ImageObject\",\"inLanguage\":\"en-GB\",\"@id\":\"https:\\\/\\\/agrupalmeria.com\\\/#\\\/schema\\\/logo\\\/image\\\/\",\"url\":\"https:\\\/\\\/agrupalmeria.com\\\/wp-content\\\/uploads\\\/2021\\\/11\\\/cropped-logotipo-agrupalmeria-color.png\",\"contentUrl\":\"https:\\\/\\\/agrupalmeria.com\\\/wp-content\\\/uploads\\\/2021\\\/11\\\/cropped-logotipo-agrupalmeria-color.png\",\"width\":5924,\"height\":1184,\"caption\":\"Agrupalmer\u00eda\"},\"image\":{\"@id\":\"https:\\\/\\\/agrupalmeria.com\\\/#\\\/schema\\\/logo\\\/image\\\/\"}}]}<\/script>\n<!-- \/ Yoast SEO Premium plugin. -->","yoast_head_json":{"title":"Pol\u00edtica de Privacidad - Agrupalmer\u00eda","robots":{"index":"index","follow":"follow","max-snippet":"max-snippet:-1","max-image-preview":"max-image-preview:large","max-video-preview":"max-video-preview:-1"},"canonical":"https:\/\/agrupalmeria.com\/en\/politica-de-privacidad\/","og_locale":"en_GB","og_type":"article","og_title":"Pol\u00edtica de Privacidad","og_description":"POL\u00cdTICA DE PRIVACIDAD 1. INFORMACI\u00d3N AL USUARIO \u00bfQui\u00e9n es el responsable del tratamiento de tus datos personales? AGRUPACA\u00d1ADA DE ALMERIA, S.L es el RESPONSABLE del tratamiento de los datos personales del USUARIO y le informa de que estos datos ser\u00e1n tratados de conformidad con lo dispuesto en el Reglamento (UE) 2016\/679, de 27 de abril &hellip; Read More \"Pol\u00edtica de Privacidad\"","og_url":"https:\/\/agrupalmeria.com\/en\/politica-de-privacidad\/","og_site_name":"Agrupalmer\u00eda","article_modified_time":"2025-04-22T09:23:12+00:00","og_image":[{"width":5924,"height":1184,"url":"https:\/\/agrupalmeria.com\/wp-content\/uploads\/2021\/11\/cropped-logotipo-agrupalmeria-color.png","type":"image\/png"}],"twitter_card":"summary_large_image","twitter_misc":{"Estimated reading time":"5 minutes"},"schema":{"@context":"https:\/\/schema.org","@graph":[{"@type":"WebPage","@id":"https:\/\/agrupalmeria.com\/politica-de-privacidad\/","url":"https:\/\/agrupalmeria.com\/politica-de-privacidad\/","name":"Pol\u00edtica de Privacidad - Agrupalmer\u00eda","isPartOf":{"@id":"https:\/\/agrupalmeria.com\/#website"},"datePublished":"2021-10-31T11:05:40+00:00","dateModified":"2025-04-22T09:23:12+00:00","breadcrumb":{"@id":"https:\/\/agrupalmeria.com\/politica-de-privacidad\/#breadcrumb"},"inLanguage":"en-GB","potentialAction":[{"@type":"ReadAction","target":["https:\/\/agrupalmeria.com\/politica-de-privacidad\/"]}]},{"@type":"BreadcrumbList","@id":"https:\/\/agrupalmeria.com\/politica-de-privacidad\/#breadcrumb","itemListElement":[{"@type":"ListItem","position":1,"name":"Portada","item":"https:\/\/agrupalmeria.com\/"},{"@type":"ListItem","position":2,"name":"Pol\u00edtica de Privacidad"}]},{"@type":"WebSite","@id":"https:\/\/agrupalmeria.com\/#website","url":"https:\/\/agrupalmeria.com\/","name":"Agrupalmer\u00eda - El mejor tomate de Almer\u00eda","description":"Subasta hortofrut\u00edcola con todas las variedades de tomate y el mejor tomate raf de Almer\u00eda","publisher":{"@id":"https:\/\/agrupalmeria.com\/#organization"},"alternateName":"Agrupalmer\u00eda","potentialAction":[{"@type":"SearchAction","target":{"@type":"EntryPoint","urlTemplate":"https:\/\/agrupalmeria.com\/?s={search_term_string}"},"query-input":{"@type":"PropertyValueSpecification","valueRequired":true,"valueName":"search_term_string"}}],"inLanguage":"en-GB"},{"@type":"Organization","@id":"https:\/\/agrupalmeria.com\/#organization","name":"Agrupalmer\u00eda","url":"https:\/\/agrupalmeria.com\/","logo":{"@type":"ImageObject","inLanguage":"en-GB","@id":"https:\/\/agrupalmeria.com\/#\/schema\/logo\/image\/","url":"https:\/\/agrupalmeria.com\/wp-content\/uploads\/2021\/11\/cropped-logotipo-agrupalmeria-color.png","contentUrl":"https:\/\/agrupalmeria.com\/wp-content\/uploads\/2021\/11\/cropped-logotipo-agrupalmeria-color.png","width":5924,"height":1184,"caption":"Agrupalmer\u00eda"},"image":{"@id":"https:\/\/agrupalmeria.com\/#\/schema\/logo\/image\/"}}]}},"_links":{"self":[{"href":"https:\/\/agrupalmeria.com\/en\/wp-json\/wp\/v2\/pages\/3","targetHints":{"allow":["GET"]}}],"collection":[{"href":"https:\/\/agrupalmeria.com\/en\/wp-json\/wp\/v2\/pages"}],"about":[{"href":"https:\/\/agrupalmeria.com\/en\/wp-json\/wp\/v2\/types\/page"}],"author":[{"embeddable":true,"href":"https:\/\/agrupalmeria.com\/en\/wp-json\/wp\/v2\/users\/1"}],"replies":[{"embeddable":true,"href":"https:\/\/agrupalmeria.com\/en\/wp-json\/wp\/v2\/comments?post=3"}],"version-history":[{"count":27,"href":"https:\/\/agrupalmeria.com\/en\/wp-json\/wp\/v2\/pages\/3\/revisions"}],"predecessor-version":[{"id":5249,"href":"https:\/\/agrupalmeria.com\/en\/wp-json\/wp\/v2\/pages\/3\/revisions\/5249"}],"wp:attachment":[{"href":"https:\/\/agrupalmeria.com\/en\/wp-json\/wp\/v2\/media?parent=3"}],"curies":[{"name":"wp","href":"https:\/\/api.w.org\/{rel}","templated":true}]}}